{"id":4271,"date":"2015-08-27T14:42:18","date_gmt":"2015-08-27T13:42:18","guid":{"rendered":"http:\/\/www.elevagedupredeissy.ch\/wordpress\/?page_id=4271"},"modified":"2020-12-20T09:09:06","modified_gmt":"2020-12-20T08:09:06","slug":"descendance-de-caline","status":"publish","type":"page","link":"https:\/\/www.elevagedupredeissy.ch\/?page_id=4271","title":{"rendered":"Descendance de Caline"},"content":{"rendered":"[vc_row][vc_column][vc_column_text]<a href=\"http:\/\/www.elevagedupredeissy.ch\/?page_id=4135\">[trx_icon icon=\u00a0\u00bbicon-arrowhead7&Prime; align=\u00a0\u00bbleft\u00a0\u00bb size=\u00a0\u00bb18&Prime; bottom=\u00a0\u00bb8&Prime; top=\u00a0\u00bb4&Prime; right=\u00a0\u00bb5&Prime;] Retour aux poulini\u00e8res<\/a>[\/vc_column_text][vc_empty_space height=\u00a0\u00bb30px\u00a0\u00bb][\/vc_column][\/vc_row][vc_row][vc_column width=\u00a0\u00bb5\/12&Prime;][vc_gallery type=\u00a0\u00bbimage_grid\u00a0\u00bb images=\u00a0\u00bb4567&Prime; img_size=\u00a0\u00bblarge\u00a0\u00bb onclick=\u00a0\u00bbimg_link_large\u00a0\u00bb][\/vc_column][vc_column width=\u00a0\u00bb7\/12&Prime;][vc_column_text]\n<h2>Calicie de la Vy d\u2019Avenches<\/h2>\n<h5>(Evident\/Cabernet)<\/h5>\n<p>N\u00e9e le 22.03.2018, femelle, alezane<\/p>\n<p>Concours des poulains pointage \u00a07 7 7<\/p>\n<p>1 \u00e8re place National FM 2018<\/p>\n<p>&nbsp;<\/p>\n<p>N.B. Dernier poulain de notre ch\u00e8re Caline qui profite d\u2019une douce retraite dans nos \u00e9curies partageant son temps entre un repos bien m\u00e9rit\u00e9 au parc et des promenades en pleine nature que ce soit \u00e0 l\u2019attelage ou sous la selle. Elle pr\u00e9sente toujours autant de peps que dans sa jeunesse\u00a0! Merci Caline pour tous ces moments de bonheur\u00a0![\/vc_column_text][vc_empty_space height=\u00a0\u00bb16px\u00a0\u00bb][vc_empty_space height=\u00a0\u00bb16px\u00a0\u00bb][vc_gallery type=\u00a0\u00bbimage_grid\u00a0\u00bb images=\u00a0\u00bb4568,4636&Prime;][\/vc_column][\/vc_row][vc_row][vc_column][vc_empty_space height=\u00a0\u00bb30px\u00a0\u00bb][vc_separator][vc_empty_space height=\u00a0\u00bb40px\u00a0\u00bb][\/vc_column][\/vc_row][vc_row][vc_column width=\u00a0\u00bb5\/12&Prime;][vc_gallery type=\u00a0\u00bbimage_grid\u00a0\u00bb images=\u00a0\u00bb4564&Prime; img_size=\u00a0\u00bblarge\u00a0\u00bb onclick=\u00a0\u00bbimg_link_large\u00a0\u00bb][\/vc_column][vc_column width=\u00a0\u00bb7\/12&Prime;][vc_column_text]\n<h2>Capucine\u00a0de la Vy d\u2019Avenches<\/h2>\n<h5>(Noble-C\u0153ur\/Cabernet)<\/h5>\n<p>N\u00e9e en 2017,\u00a0femelle<br \/>\nPointage concours des poulains\u00a0: 8\u00a08\u00a08[\/vc_column_text][vc_empty_space height=\u00a0\u00bb16px\u00a0\u00bb][vc_empty_space height=\u00a0\u00bb16px\u00a0\u00bb][vc_gallery type=\u00a0\u00bbimage_grid\u00a0\u00bb images=\u00a0\u00bb4542,4543&Prime;][\/vc_column][\/vc_row][vc_row][vc_column][vc_empty_space height=\u00a0\u00bb30px\u00a0\u00bb][vc_separator][vc_empty_space height=\u00a0\u00bb40px\u00a0\u00bb][\/vc_column][\/vc_row][vc_row][vc_column width=\u00a0\u00bb5\/12&Prime;][vc_gallery type=\u00a0\u00bbimage_grid\u00a0\u00bb images=\u00a0\u00bb4503&Prime; img_size=\u00a0\u00bblarge\u00a0\u00bb onclick=\u00a0\u00bbimg_link_large\u00a0\u00bb][\/vc_column][vc_column width=\u00a0\u00bb7\/12&Prime;][vc_column_text]\n<h2>Nino de la Vy d\u2019Avenches<\/h2>\n<h5>(Nixon\/Cabernet)<\/h5>\n<p>N\u00e9 en 2016, m\u00e2le<br \/>\nPointage concours des poulains\u00a0: 8 7 9<br \/>\n<em>&#8211; Vendu &#8211;<\/em>[\/vc_column_text][vc_empty_space height=\u00a0\u00bb16px\u00a0\u00bb][vc_empty_space height=\u00a0\u00bb16px\u00a0\u00bb][vc_gallery type=\u00a0\u00bbimage_grid\u00a0\u00bb images=\u00a0\u00bb4504&Prime;][\/vc_column][\/vc_row][vc_row][vc_column][vc_empty_space height=\u00a0\u00bb30px\u00a0\u00bb][vc_separator][vc_empty_space height=\u00a0\u00bb40px\u00a0\u00bb][\/vc_column][\/vc_row][vc_row][vc_column width=\u00a0\u00bb5\/12&Prime;][vc_gallery type=\u00a0\u00bbimage_grid\u00a0\u00bb images=\u00a0\u00bb4367&Prime; img_size=\u00a0\u00bblarge\u00a0\u00bb onclick=\u00a0\u00bbimg_link_large\u00a0\u00bb][\/vc_column][vc_column width=\u00a0\u00bb7\/12&Prime;][vc_column_text]\n<h2>Circa\u00a0de la Vy d&rsquo;Avenches<\/h2>\n<h5>(Lib\u00e9ro\/Cabernet)<\/h5>\n<p>N\u00e9e\u00a0en 2012<br \/>\nPointage poulain: 7\u00a06 7<br \/>\n<em>&#8211; Vendue &#8211;<\/em>[\/vc_column_text][vc_empty_space height=\u00a0\u00bb16px\u00a0\u00bb][\/vc_column][\/vc_row][vc_row][vc_column][vc_empty_space height=\u00a0\u00bb30px\u00a0\u00bb][vc_separator][vc_empty_space height=\u00a0\u00bb40px\u00a0\u00bb][\/vc_column][\/vc_row][vc_row][vc_column width=\u00a0\u00bb5\/12&Prime;][vc_gallery type=\u00a0\u00bbimage_grid\u00a0\u00bb images=\u00a0\u00bb4368&Prime; img_size=\u00a0\u00bblarge\u00a0\u00bb onclick=\u00a0\u00bbimg_link_large\u00a0\u00bb][\/vc_column][vc_column width=\u00a0\u00bb7\/12&Prime;][vc_column_text]\n<h2>Cabriole\u00a0de la Vy d&rsquo;Avenches<\/h2>\n<h5>(Nils du Sous-Bois\u2009\/\u2009Cabernet)<\/h5>\n<p>N\u00e9e en 2011<br \/>\nPointage poulain: 8 6 8<br \/>\n<em>&#8211; Vendue &#8211;<\/em>[\/vc_column_text][vc_empty_space height=\u00a0\u00bb16px\u00a0\u00bb][\/vc_column][\/vc_row][vc_row][vc_column][vc_empty_space height=\u00a0\u00bb40px\u00a0\u00bb][vc_separator][vc_empty_space height=\u00a0\u00bb40px\u00a0\u00bb][\/vc_column][\/vc_row][vc_row][vc_column width=\u00a0\u00bb5\/12&Prime;][trx_image src=\u00a0\u00bb4369&Prime;][vc_gallery type=\u00a0\u00bbimage_grid\u00a0\u00bb images=\u00a0\u00bb4369&Prime; img_size=\u00a0\u00bblarge\u00a0\u00bb onclick=\u00a0\u00bbimg_link_large\u00a0\u00bb][\/vc_column][vc_column width=\u00a0\u00bb7\/12&Prime;][vc_column_text]\n<h2>Caprice\u00a0de la Vy d&rsquo;Avenches<\/h2>\n<h5>(N\u00e9pal\u2009\/\u2009Cabernet)<\/h5>\n<p>N\u00e9e\u00a0en 2010<br \/>\nPointage poulain: 8 6\u00a08<br \/>\n<em>&#8211; Vendue &#8211;<\/em><\/p>\n<ul>\n<li>6 \u00e8me place du Championnat des pouliches National FM 2010<\/li>\n<li>TET Avenches 24.05.2013: 8e place, ext\u00e9rieur 8 7 8, attelage 7.857,\u00a0 \u00e9quitation 7.750<\/li>\n<li>National FM 2013: Jument d&rsquo;\u00e9lite<\/li>\n<li>National FM 2014\u00a0: Finales dressage FM 1<\/li>\n<\/ul>\n[\/vc_column_text][vc_empty_space height=\u00a0\u00bb16px\u00a0\u00bb][vc_gallery type=\u00a0\u00bbimage_grid\u00a0\u00bb images=\u00a0\u00bb4370,4371,4372,4374&Prime;][\/vc_column][\/vc_row][vc_row][vc_column][vc_empty_space height=\u00a0\u00bb40px\u00a0\u00bb][vc_separator][vc_empty_space height=\u00a0\u00bb40px\u00a0\u00bb][\/vc_column][\/vc_row][vc_row][vc_column width=\u00a0\u00bb5\/12&Prime;][trx_image src=\u00a0\u00bb4454&Prime;][vc_gallery type=\u00a0\u00bbimage_grid\u00a0\u00bb images=\u00a0\u00bb4454&Prime; img_size=\u00a0\u00bblarge\u00a0\u00bb onclick=\u00a0\u00bb\u00a0\u00bb][\/vc_column][vc_column width=\u00a0\u00bb7\/12&Prime;][vc_column_text]\n<h2>Nemo de la Vy d&rsquo;Avenches<\/h2>\n<h5>(N\u00e9pal\u2009\/\u2009Cabernet)<\/h5>\n<p>N\u00e9 en 2009<br \/>\nPointage poulain:\u00a07 7 8<br \/>\n<em>&#8211; Vendu &#8211;\u00a0<\/em><\/p>\n<ul>\n<li>1\u00e8re place du Championnat des poulains National FM 2009<\/li>\n<\/ul>\n[\/vc_column_text][vc_empty_space height=\u00a0\u00bb16px\u00a0\u00bb][\/vc_column][\/vc_row][vc_row][vc_column][vc_empty_space height=\u00a0\u00bb40px\u00a0\u00bb][vc_separator][vc_empty_space height=\u00a0\u00bb40px\u00a0\u00bb][\/vc_column][\/vc_row][vc_row][vc_column width=\u00a0\u00bb5\/12&Prime;][trx_image src=\u00a0\u00bb4193&Prime;][vc_gallery type=\u00a0\u00bbimage_grid\u00a0\u00bb images=\u00a0\u00bb4430&Prime; img_size=\u00a0\u00bblarge\u00a0\u00bb][\/vc_column][vc_column width=\u00a0\u00bb7\/12&Prime;][vc_column_text]\n<h2>Cassiop\u00e9<\/h2>\n<h5>(Novartis\u2009\/\u2009Cabernet)<\/h5>\n<p>N\u00e9e en 2008<br \/>\nPointage poulain: 9\u00a07 8<\/p>\n<ul>\n<li>1\u00e8re place du Championnat des pouliches National FM 2008<\/li>\n<li>TET Bellelay 11.06.2011: 9e place, ext\u00e9rieur 8 6 8, 8.00 attelage, 7.80 \u00e9quitation<\/li>\n<\/ul>\n[\/vc_column_text][vc_empty_space height=\u00a0\u00bb16px\u00a0\u00bb][vc_gallery type=\u00a0\u00bbimage_grid\u00a0\u00bb images=\u00a0\u00bb4375,4376,4377&Prime;][\/vc_column][\/vc_row][vc_row][vc_column][vc_empty_space height=\u00a0\u00bb40px\u00a0\u00bb][vc_separator][vc_empty_space height=\u00a0\u00bb40px\u00a0\u00bb][\/vc_column][\/vc_row][vc_row][vc_column width=\u00a0\u00bb5\/12&Prime;][trx_image src=\u00a0\u00bb4454&Prime;][vc_gallery type=\u00a0\u00bbimage_grid\u00a0\u00bb images=\u00a0\u00bb4454&Prime; img_size=\u00a0\u00bblarge\u00a0\u00bb onclick=\u00a0\u00bb\u00a0\u00bb][\/vc_column][vc_column width=\u00a0\u00bb7\/12&Prime;][vc_column_text]\n<h2>Cannelle\u00a0de la Vy d&rsquo;Avenches<\/h2>\n<h5>(Lambswool\u2009\/\u2009Cabernet)<\/h5>\n<p>N\u00e9e en 2007<br \/>\nPointage poulain : 8\u00a06 7<br \/>\nTET\u00a0 8 7 7<br \/>\n<em>&#8211; Vendue &#8211;<\/em>[\/vc_column_text][\/vc_column][\/vc_row][vc_row][vc_column][vc_empty_space height=\u00a0\u00bb40px\u00a0\u00bb][vc_separator][vc_empty_space height=\u00a0\u00bb40px\u00a0\u00bb][\/vc_column][\/vc_row][vc_row][vc_column width=\u00a0\u00bb5\/12&Prime;][trx_image src=\u00a0\u00bb4454&Prime;][vc_gallery type=\u00a0\u00bbimage_grid\u00a0\u00bb images=\u00a0\u00bb4454&Prime; img_size=\u00a0\u00bblarge\u00a0\u00bb onclick=\u00a0\u00bb\u00a0\u00bb][\/vc_column][vc_column width=\u00a0\u00bb7\/12&Prime;][vc_column_text]\n<h2>Narcisse<\/h2>\n<h5>(Nagano\u2009\/\u2009Cabernet)<\/h5>\n<p>N\u00e9 en 2006<br \/>\nPointage poulain: 8 7 6<br \/>\nTET 8 7 8<br \/>\n<em>&#8211; Vendu &#8211;<\/em>[\/vc_column_text][\/vc_column][\/vc_row][vc_row][vc_column][vc_empty_space height=\u00a0\u00bb40px\u00a0\u00bb][vc_separator][vc_empty_space height=\u00a0\u00bb40px\u00a0\u00bb][\/vc_column][\/vc_row][vc_row][vc_column width=\u00a0\u00bb5\/12&Prime;][trx_image src=\u00a0\u00bb4378&Prime;][vc_gallery type=\u00a0\u00bbimage_grid\u00a0\u00bb images=\u00a0\u00bb4378&Prime; img_size=\u00a0\u00bblarge\u00a0\u00bb onclick=\u00a0\u00bbimg_link_large\u00a0\u00bb][\/vc_column][vc_column width=\u00a0\u00bb7\/12&Prime;][vc_column_text]\n<h2>Happy-Day SBB 7.03%<\/h2>\n<h5>(Harquis\u2009\/\u2009Cabernet)<\/h5>\n<p>N\u00e9 en 2005<br \/>\nAlezan br\u00fbl\u00e9<br \/>\nPointage poulain: 8 7 8 \u00e0 6 mois<br \/>\n<em>&#8211; Vendu &#8211;<\/em><\/p>\n<ul>\n<li>3\u00e8me rang \u00e0 Glovelier (8 7 7),\u00a0approuv\u00e9 en 2008<\/li>\n<li>5e rang du TES\u00a0avec un indice total de 111.82<\/li>\n<li>Finaliste promotions CH d&rsquo;attelage de 3 \u00e0 6 ans, 3\u00e8me rang\u00a0\u00e0 3 et\u00a06 ans<\/li>\n<li>Nomin\u00e9\u00a0au National\u00a0FM 2012 avec les meilleures performances sportives 2008-2011<\/li>\n<\/ul>\n<p>Happy-Day est disponible \u00e0 la monte chez Alain Magne \u00e0 Morlens.[\/vc_column_text][vc_empty_space height=\u00a0\u00bb16px\u00a0\u00bb][\/vc_column][\/vc_row][vc_row][vc_column][vc_empty_space height=\u00a0\u00bb30px\u00a0\u00bb][vc_column_text]<a href=\"http:\/\/www.elevagedupredeissy.ch\/?page_id=4135\">[trx_icon icon=\u00a0\u00bbicon-arrowhead7&Prime; align=\u00a0\u00bbleft\u00a0\u00bb size=\u00a0\u00bb18&Prime; bottom=\u00a0\u00bb8&Prime; top=\u00a0\u00bb4&Prime; right=\u00a0\u00bb5&Prime;] Retour aux poulini\u00e8res<\/a>[\/vc_column_text][\/vc_column][\/vc_row]\n","protected":false},"excerpt":{"rendered":"[vc_row][vc_column][vc_column_text][trx_icon icon=\u00a0\u00bbicon-arrowhead7&Prime; align=\u00a0\u00bbleft\u00a0\u00bb size=\u00a0\u00bb18&Prime; bottom=\u00a0\u00bb8&Prime; top=\u00a0\u00bb4&Prime; right=\u00a0\u00bb5&Prime;] Retour aux poulini\u00e8res[\/vc_column_text][vc_empty_space height=\u00a0\u00bb30px\u00a0\u00bb][\/vc_column][\/vc_row][vc_row][vc_column width=\u00a0\u00bb5\/12&Prime;][vc_gallery type=\u00a0\u00bbimage_grid\u00a0\u00bb images=\u00a0\u00bb4567&Prime; img_size=\u00a0\u00bblarge\u00a0\u00bb onclick=\u00a0\u00bbimg_link_large\u00a0\u00bb][\/vc_column][vc_column width=\u00a0\u00bb7\/12&Prime;][vc_column_text] Calicie de la Vy d\u2019Avenches (Evident\/Cabernet) N\u00e9e le 22.03.2018, femelle, alezane Concours des poulains pointage \u00a07 7 7 1 \u00e8re place National FM 2018 &nbsp; N.B. Dernier poulain de notre ch\u00e8re Caline qui profite d\u2019une douce retraite dans [&hellip;]\n","protected":false},"author":1,"featured_media":0,"parent":4091,"menu_order":0,"comment_status":"closed","ping_status":"closed","template":"","meta":[],"_links":{"self":[{"href":"https:\/\/www.elevagedupredeissy.ch\/index.php?rest_route=\/wp\/v2\/pages\/4271"}],"collection":[{"href":"https:\/\/www.elevagedupredeissy.ch\/index.php?rest_route=\/wp\/v2\/pages"}],"about":[{"href":"https:\/\/www.elevagedupredeissy.ch\/index.php?rest_route=\/wp\/v2\/types\/page"}],"author":[{"embeddable":true,"href":"https:\/\/www.elevagedupredeissy.ch\/index.php?rest_route=\/wp\/v2\/users\/1"}],"replies":[{"embeddable":true,"href":"https:\/\/www.elevagedupredeissy.ch\/index.php?rest_route=%2Fwp%2Fv2%2Fcomments&post=4271"}],"version-history":[{"count":24,"href":"https:\/\/www.elevagedupredeissy.ch\/index.php?rest_route=\/wp\/v2\/pages\/4271\/revisions"}],"predecessor-version":[{"id":4637,"href":"https:\/\/www.elevagedupredeissy.ch\/index.php?rest_route=\/wp\/v2\/pages\/4271\/revisions\/4637"}],"up":[{"embeddable":true,"href":"https:\/\/www.elevagedupredeissy.ch\/index.php?rest_route=\/wp\/v2\/pages\/4091"}],"wp:attachment":[{"href":"https:\/\/www.elevagedupredeissy.ch\/index.php?rest_route=%2Fwp%2Fv2%2Fmedia&parent=4271"}],"curies":[{"name":"wp","href":"https:\/\/api.w.org\/{rel}","templated":true}]}}