{"id":4260,"date":"2015-08-27T14:08:07","date_gmt":"2015-08-27T13:08:07","guid":{"rendered":"http:\/\/www.elevagedupredeissy.ch\/wordpress\/?page_id=4260"},"modified":"2021-01-15T12:14:05","modified_gmt":"2021-01-15T11:14:05","slug":"descendance-de-navina","status":"publish","type":"page","link":"https:\/\/www.elevagedupredeissy.ch\/?page_id=4260","title":{"rendered":"Descendance de Navina"},"content":{"rendered":"[vc_row][vc_column][vc_column_text]<a href=\"http:\/\/www.elevagedupredeissy.ch\/?page_id=4135\">[trx_icon icon=\u00a0\u00bbicon-arrowhead7&Prime; align=\u00a0\u00bbleft\u00a0\u00bb size=\u00a0\u00bb18&Prime; bottom=\u00a0\u00bb8&Prime; top=\u00a0\u00bb4&Prime; right=\u00a0\u00bb5&Prime;] Retour aux poulini\u00e8res<\/a>[\/vc_column_text][vc_empty_space height=\u00a0\u00bb30px\u00a0\u00bb][\/vc_column][\/vc_row][vc_row][vc_column width=\u00a0\u00bb5\/12&Prime;][vc_gallery type=\u00a0\u00bbimage_grid\u00a0\u00bb images=\u00a0\u00bb4667&Prime; img_size=\u00a0\u00bblarge\u00a0\u00bb onclick=\u00a0\u00bbimg_link_large\u00a0\u00bb][\/vc_column][vc_column width=\u00a0\u00bb7\/12&Prime;][vc_column_text]\n<h2>Eclair de la Vy d\u2019Avenches<\/h2>\n<h5>(Euro\/N\u00e9co)<\/h5>\n<p>N\u00e9 le 03.04.2018, m\u00e2le, bai[\/vc_column_text][vc_empty_space height=\u00a0\u00bb16px\u00a0\u00bb][vc_empty_space height=\u00a0\u00bb16px\u00a0\u00bb][vc_gallery type=\u00a0\u00bbimage_grid\u00a0\u00bb images=\u00a0\u00bb4571&Prime;][\/vc_column][\/vc_row][vc_row][vc_column][vc_empty_space height=\u00a0\u00bb30px\u00a0\u00bb][vc_separator][vc_empty_space height=\u00a0\u00bb40px\u00a0\u00bb][\/vc_column][\/vc_row][vc_row][vc_column width=\u00a0\u00bb5\/12&Prime;][vc_gallery type=\u00a0\u00bbimage_grid\u00a0\u00bb images=\u00a0\u00bb4561&Prime; img_size=\u00a0\u00bblarge\u00a0\u00bb onclick=\u00a0\u00bbimg_link_large\u00a0\u00bb][\/vc_column][vc_column width=\u00a0\u00bb7\/12&Prime;][vc_column_text]\n<h2>Neira de la Vy d\u2019Avenches<\/h2>\n<h5>(Happy-Day\/N\u00e9co)<\/h5>\n<p>N\u00e9e en 2017, femelle<br \/>\nPointage concours des poulains\u00a0: 8\u00a08 8[\/vc_column_text][vc_empty_space height=\u00a0\u00bb16px\u00a0\u00bb][vc_empty_space height=\u00a0\u00bb16px\u00a0\u00bb][vc_gallery type=\u00a0\u00bbimage_grid\u00a0\u00bb images=\u00a0\u00bb4545,4546&Prime;][\/vc_column][\/vc_row][vc_row][vc_column][vc_empty_space height=\u00a0\u00bb30px\u00a0\u00bb][vc_separator][vc_empty_space height=\u00a0\u00bb40px\u00a0\u00bb][\/vc_column][\/vc_row][vc_row][vc_column width=\u00a0\u00bb5\/12&Prime;][vc_gallery type=\u00a0\u00bbimage_grid\u00a0\u00bb images=\u00a0\u00bb4497&Prime; img_size=\u00a0\u00bblarge\u00a0\u00bb onclick=\u00a0\u00bbimg_link_large\u00a0\u00bb][\/vc_column][vc_column width=\u00a0\u00bb7\/12&Prime;][vc_column_text]\n<h2>Naya de la Vy d\u2019Avenches<\/h2>\n<h5>(Carlson\/N\u00e9co)<\/h5>\n<p>N\u00e9e en 2016, femelle<br \/>\nPointage concours des poulains\u00a0: 8 7 8<br \/>\n<em>&#8211; Vendue &#8211;<\/em>[\/vc_column_text][vc_empty_space height=\u00a0\u00bb16px\u00a0\u00bb][vc_empty_space height=\u00a0\u00bb16px\u00a0\u00bb][vc_gallery type=\u00a0\u00bbimage_grid\u00a0\u00bb images=\u00a0\u00bb4501&Prime;][\/vc_column][\/vc_row][vc_row][vc_column][vc_empty_space height=\u00a0\u00bb30px\u00a0\u00bb][vc_separator][vc_empty_space height=\u00a0\u00bb40px\u00a0\u00bb][\/vc_column][\/vc_row][vc_row][vc_column width=\u00a0\u00bb5\/12&Prime;][vc_gallery type=\u00a0\u00bbimage_grid\u00a0\u00bb images=\u00a0\u00bb4382&Prime; img_size=\u00a0\u00bblarge\u00a0\u00bb onclick=\u00a0\u00bbimg_link_large\u00a0\u00bb][\/vc_column][vc_column width=\u00a0\u00bb7\/12&Prime;][vc_column_text]\n<h2>Nirvana de la Vy d&rsquo;Avenches<\/h2>\n<h5>(Happy-Day\u2009\/\u2009N\u00e9co)<\/h5>\n<p>N\u00e9e\u00a0en 2014<br \/>\nPointage poulain: 8 6 7<br \/>\n<em>&#8211; Vendue &#8211;<\/em>[\/vc_column_text][vc_empty_space height=\u00a0\u00bb16px\u00a0\u00bb][vc_gallery type=\u00a0\u00bbimage_grid\u00a0\u00bb images=\u00a0\u00bb4381,4380,4383&Prime;][\/vc_column][\/vc_row][vc_row][vc_column][vc_empty_space height=\u00a0\u00bb30px\u00a0\u00bb][vc_separator][vc_empty_space height=\u00a0\u00bb40px\u00a0\u00bb][\/vc_column][\/vc_row][vc_row][vc_column width=\u00a0\u00bb5\/12&Prime;][vc_gallery type=\u00a0\u00bbimage_grid\u00a0\u00bb images=\u00a0\u00bb4384&Prime; img_size=\u00a0\u00bblarge\u00a0\u00bb onclick=\u00a0\u00bbimg_link_large\u00a0\u00bb][\/vc_column][vc_column width=\u00a0\u00bb7\/12&Prime;][vc_column_text]\n<h2>Largo de la Vy d&rsquo;Avenches<\/h2>\n<h5>(L\u00e9gato\u2009\/\u2009N\u00e9co)<\/h5>\n<p>N\u00e9e\u00a0en 2013<br \/>\nPointage poulain: 7 7 8<br \/>\n<em>&#8211; Vendu &#8211;<\/em>[\/vc_column_text][vc_empty_space height=\u00a0\u00bb16px\u00a0\u00bb][vc_gallery type=\u00a0\u00bbimage_grid\u00a0\u00bb images=\u00a0\u00bb4385&Prime;][\/vc_column][\/vc_row][vc_row][vc_column][vc_empty_space height=\u00a0\u00bb40px\u00a0\u00bb][vc_separator][vc_empty_space height=\u00a0\u00bb40px\u00a0\u00bb][\/vc_column][\/vc_row][vc_row][vc_column width=\u00a0\u00bb5\/12&Prime;][vc_gallery type=\u00a0\u00bbimage_grid\u00a0\u00bb images=\u00a0\u00bb4387&Prime; img_size=\u00a0\u00bblarge\u00a0\u00bb onclick=\u00a0\u00bbimg_link_large\u00a0\u00bb][\/vc_column][vc_column width=\u00a0\u00bb7\/12&Prime;][vc_column_text]\n<h2>Nausicaa\u00a0de la Vy d&rsquo;Avenches<\/h2>\n<h5>(Happy-Day\u2009\/\u2009N\u00e9co)<\/h5>\n<p>N\u00e9e\u00a0en 2012<br \/>\nPointage poulain: 7\u00a07 8[\/vc_column_text][vc_empty_space height=\u00a0\u00bb20px\u00a0\u00bb][vc_empty_space height=\u00a0\u00bb16px\u00a0\u00bb][vc_gallery type=\u00a0\u00bbimage_grid\u00a0\u00bb images=\u00a0\u00bb4386&Prime;][\/vc_column][\/vc_row][vc_row][vc_column][vc_empty_space height=\u00a0\u00bb40px\u00a0\u00bb][vc_separator][vc_empty_space height=\u00a0\u00bb40px\u00a0\u00bb][\/vc_column][\/vc_row][vc_row][vc_column width=\u00a0\u00bb5\/12&Prime;][vc_gallery type=\u00a0\u00bbimage_grid\u00a0\u00bb images=\u00a0\u00bb4388&Prime; img_size=\u00a0\u00bblarge\u00a0\u00bb onclick=\u00a0\u00bbimg_link_large\u00a0\u00bb][\/vc_column][vc_column width=\u00a0\u00bb7\/12&Prime;][vc_column_text]\n<h2>Nikita de la Vy d&rsquo;Avenches<\/h2>\n<h5>(Nankin des Aiges\u2009\/\u2009N\u00e9co)<\/h5>\n<p>N\u00e9e en 2010<br \/>\nPointage poulain: 6 7 7<br \/>\n<em>&#8211; Vendue &#8211;\u00a0<\/em>[\/vc_column_text][vc_empty_space height=\u00a0\u00bb16px\u00a0\u00bb][vc_gallery type=\u00a0\u00bbimage_grid\u00a0\u00bb images=\u00a0\u00bb4389&Prime;][\/vc_column][\/vc_row][vc_row][vc_column][vc_empty_space height=\u00a0\u00bb40px\u00a0\u00bb][vc_separator][vc_empty_space height=\u00a0\u00bb40px\u00a0\u00bb][\/vc_column][\/vc_row][vc_row][vc_column width=\u00a0\u00bb5\/12&Prime;][trx_image src=\u00a0\u00bb4454&Prime;][vc_gallery type=\u00a0\u00bbimage_grid\u00a0\u00bb images=\u00a0\u00bb4454&Prime; img_size=\u00a0\u00bblarge\u00a0\u00bb onclick=\u00a0\u00bb\u00a0\u00bb][\/vc_column][vc_column width=\u00a0\u00bb7\/12&Prime;][vc_column_text]\n<h2>H\u00e9lios de la Vy d&rsquo;Avenches<\/h2>\n<h5>(Happy-Day\u2009\/\u2009N\u00e9co)<\/h5>\n<p>N\u00e9 en 2009<br \/>\nPointage poulain: 8 7 8<br \/>\n<em>&#8211; Vendu &#8211;<\/em>[\/vc_column_text][vc_empty_space height=\u00a0\u00bb16px\u00a0\u00bb][\/vc_column][\/vc_row][vc_row][vc_column][vc_empty_space height=\u00a0\u00bb40px\u00a0\u00bb][vc_separator][vc_empty_space height=\u00a0\u00bb40px\u00a0\u00bb][\/vc_column][\/vc_row][vc_row][vc_column width=\u00a0\u00bb5\/12&Prime;][trx_image src=\u00a0\u00bb4454&Prime;][vc_gallery type=\u00a0\u00bbimage_grid\u00a0\u00bb images=\u00a0\u00bb4454&Prime; img_size=\u00a0\u00bblarge\u00a0\u00bb onclick=\u00a0\u00bbimg_link_large\u00a0\u00bb][\/vc_column][vc_column width=\u00a0\u00bb7\/12&Prime;][vc_column_text]\n<h2>Espoir de la Vy d&rsquo;Avenches<\/h2>\n<h5>(Eclar\u2009\/\u2009N\u00e9co)<\/h5>\n<p>N\u00e9 en 2008<br \/>\nPointage poulain : 7 6 7[\/vc_column_text][\/vc_column][\/vc_row][vc_row][vc_column][vc_empty_space height=\u00a0\u00bb40px\u00a0\u00bb][vc_separator][vc_empty_space height=\u00a0\u00bb40px\u00a0\u00bb][\/vc_column][\/vc_row][vc_row][vc_column width=\u00a0\u00bb5\/12&Prime;][trx_image src=\u00a0\u00bb4454&Prime;][vc_gallery type=\u00a0\u00bbimage_grid\u00a0\u00bb images=\u00a0\u00bb4454&Prime; img_size=\u00a0\u00bblarge\u00a0\u00bb onclick=\u00a0\u00bb\u00a0\u00bb][\/vc_column][vc_column width=\u00a0\u00bb7\/12&Prime;][vc_column_text]\n<h2>Nirma<\/h2>\n<h5>(Rivers\u2009\/\u2009N\u00e9co)<\/h5>\n<p>N\u00e9e en 2005<br \/>\nPointage poulain: 7 6 6<br \/>\nFinaliste Promotions CH 3 ans<br \/>\n<em>&#8211; Vendue &#8211;<\/em>[\/vc_column_text][\/vc_column][\/vc_row][vc_row][vc_column][vc_empty_space height=\u00a0\u00bb30px\u00a0\u00bb][vc_column_text]<a href=\"http:\/\/www.elevagedupredeissy.ch\/?page_id=4135\">[trx_icon icon=\u00a0\u00bbicon-arrowhead7&Prime; align=\u00a0\u00bbleft\u00a0\u00bb size=\u00a0\u00bb18&Prime; bottom=\u00a0\u00bb8&Prime; top=\u00a0\u00bb4&Prime; right=\u00a0\u00bb5&Prime;] Retour aux poulini\u00e8res<\/a>[\/vc_column_text][\/vc_column][\/vc_row]\n","protected":false},"excerpt":{"rendered":"[vc_row][vc_column][vc_column_text][trx_icon icon=\u00a0\u00bbicon-arrowhead7&Prime; align=\u00a0\u00bbleft\u00a0\u00bb size=\u00a0\u00bb18&Prime; bottom=\u00a0\u00bb8&Prime; top=\u00a0\u00bb4&Prime; right=\u00a0\u00bb5&Prime;] Retour aux poulini\u00e8res[\/vc_column_text][vc_empty_space height=\u00a0\u00bb30px\u00a0\u00bb][\/vc_column][\/vc_row][vc_row][vc_column width=\u00a0\u00bb5\/12&Prime;][vc_gallery type=\u00a0\u00bbimage_grid\u00a0\u00bb images=\u00a0\u00bb4667&Prime; img_size=\u00a0\u00bblarge\u00a0\u00bb onclick=\u00a0\u00bbimg_link_large\u00a0\u00bb][\/vc_column][vc_column width=\u00a0\u00bb7\/12&Prime;][vc_column_text] Eclair de la Vy d\u2019Avenches (Euro\/N\u00e9co) N\u00e9 le 03.04.2018, m\u00e2le, bai[\/vc_column_text][vc_empty_space height=\u00a0\u00bb16px\u00a0\u00bb][vc_empty_space height=\u00a0\u00bb16px\u00a0\u00bb][vc_gallery type=\u00a0\u00bbimage_grid\u00a0\u00bb images=\u00a0\u00bb4571&Prime;][\/vc_column][\/vc_row][vc_row][vc_column][vc_empty_space height=\u00a0\u00bb30px\u00a0\u00bb][vc_separator][vc_empty_space height=\u00a0\u00bb40px\u00a0\u00bb][\/vc_column][\/vc_row][vc_row][vc_column width=\u00a0\u00bb5\/12&Prime;][vc_gallery type=\u00a0\u00bbimage_grid\u00a0\u00bb images=\u00a0\u00bb4561&Prime; img_size=\u00a0\u00bblarge\u00a0\u00bb onclick=\u00a0\u00bbimg_link_large\u00a0\u00bb][\/vc_column][vc_column width=\u00a0\u00bb7\/12&Prime;][vc_column_text] Neira de la Vy d\u2019Avenches (Happy-Day\/N\u00e9co) N\u00e9e en 2017, femelle Pointage concours des poulains\u00a0: 8\u00a08 [&hellip;]\n","protected":false},"author":1,"featured_media":0,"parent":4091,"menu_order":0,"comment_status":"closed","ping_status":"closed","template":"","meta":[],"_links":{"self":[{"href":"https:\/\/www.elevagedupredeissy.ch\/index.php?rest_route=\/wp\/v2\/pages\/4260"}],"collection":[{"href":"https:\/\/www.elevagedupredeissy.ch\/index.php?rest_route=\/wp\/v2\/pages"}],"about":[{"href":"https:\/\/www.elevagedupredeissy.ch\/index.php?rest_route=\/wp\/v2\/types\/page"}],"author":[{"embeddable":true,"href":"https:\/\/www.elevagedupredeissy.ch\/index.php?rest_route=\/wp\/v2\/users\/1"}],"replies":[{"embeddable":true,"href":"https:\/\/www.elevagedupredeissy.ch\/index.php?rest_route=%2Fwp%2Fv2%2Fcomments&post=4260"}],"version-history":[{"count":34,"href":"https:\/\/www.elevagedupredeissy.ch\/index.php?rest_route=\/wp\/v2\/pages\/4260\/revisions"}],"predecessor-version":[{"id":4668,"href":"https:\/\/www.elevagedupredeissy.ch\/index.php?rest_route=\/wp\/v2\/pages\/4260\/revisions\/4668"}],"up":[{"embeddable":true,"href":"https:\/\/www.elevagedupredeissy.ch\/index.php?rest_route=\/wp\/v2\/pages\/4091"}],"wp:attachment":[{"href":"https:\/\/www.elevagedupredeissy.ch\/index.php?rest_route=%2Fwp%2Fv2%2Fmedia&parent=4260"}],"curies":[{"name":"wp","href":"https:\/\/api.w.org\/{rel}","templated":true}]}}